{"id":30701,"date":"2026-04-05T13:54:42","date_gmt":"2026-04-05T11:54:42","guid":{"rendered":"https:\/\/www.stoneandliving.com\/?page_id=30701"},"modified":"2024-12-02T12:09:08","modified_gmt":"2024-12-02T11:09:08","slug":"legal-notices","status":"publish","type":"page","link":"https:\/\/www.stoneandliving.com\/en\/legal-notices\/","title":{"rendered":"Legal notices"},"content":{"rendered":"\t\t<div data-elementor-type=\"wp-page\" data-elementor-id=\"30701\" class=\"elementor elementor-30701 elementor-5275\" data-elementor-post-type=\"page\">\n\t\t\t\t<div class=\"elementor-element elementor-element-48d9ffb5 e-con-full e-flex wpr-particle-no wpr-jarallax-no wpr-parallax-no wpr-sticky-section-no e-con e-parent\" data-id=\"48d9ffb5\" data-element_type=\"container\" data-e-type=\"container\">\n\t\t\t\t<div class=\"elementor-element elementor-element-16cea88e elementor-widget elementor-widget-text-editor\" data-id=\"16cea88e\" data-element_type=\"widget\" data-e-type=\"widget\" data-widget_type=\"text-editor.default\">\n\t\t\t\t<div class=\"elementor-widget-container\">\n\t\t\t\t\t\t\t\t\t<h2 class=\"wp-block-heading\"><strong>\u00c9diteur du site<\/strong><\/h2><p>Le pr\u00e9sent site est \u00e9dit\u00e9 par la soci\u00e9t\u00e9 STONE &amp; LIVING, soci\u00e9t\u00e9 par actions simplifi\u00e9e (SAS) au capital de 5.000 euros, dont le si\u00e8ge social est situ\u00e9 au 33 rue de la r\u00e9publique \u2013 69002 Lyon. SIREN : RCS Lyon 521 423 913<\/p><p>Directeur de publication : Francis Temman, pr\u00e9sident<\/p><p>Stone &amp; Living d\u00e9tient une carte professionnelle d\u2019agent immobilier l\u2019autorisant \u00e0 r\u00e9aliser des transactions et de la gestion immobili\u00e8re. Ladite carte a \u00e9t\u00e9 \u00e9mise par la CCI de Lyon \u00a0n\u00b0CPI 69012017000018390. Stone &amp; Living a souscrit aupr\u00e8s de la Compagnie AXA France, une garantie financi\u00e8re pour l\u2019activit\u00e9 gestion immobili\u00e8re pour un montant de 110.000 euros, ainsi qu\u2019une police d\u2019assurance responsabilit\u00e9 civile professionnelle.<\/p><div class=\"wp-block-spacer\" style=\"height: 30px;\" aria-hidden=\"true\">\u00a0<\/div><h2 class=\"wp-block-heading\"><strong>H\u00e9bergement<\/strong><\/h2><p>OVH \u2013 140 Quai du Sartel \u2013 Roubaix, France<\/p><h2 class=\"wp-block-heading\"><strong>Agence web<\/strong><\/h2><p><strong><a href=\"https:\/\/www.bridge-communication.com\/\" target=\"_blank\" rel=\"noopener\">Bridge Digital<\/a><\/strong><\/p><h2 class=\"wp-block-heading\"><strong>Cr\u00e9dits<\/strong><\/h2><p>Documents, caract\u00e9ristiques et photos \u00e0 caract\u00e8re d\u2019ambiance non contractuels. Reproduction interdite \u2013 Tous droits r\u00e9serv\u00e9s. Cr\u00e9dits photo et illustrations : Stone &amp; Living, Adobe Stock, iStock.<\/p><h2 class=\"wp-block-heading\"><strong>Politique de confidentialit\u00e9 des donn\u00e9es personnelles <\/strong><\/h2><p>Vos donn\u00e9es \u00e0 caract\u00e8re personnel sont prot\u00e9g\u00e9es par la r\u00e9glementation relative \u00e0 la protection des donn\u00e9es personnelles comprenant les dispositions de la loi n\u00b078-17 du 6 janvier 1978 relative \u00e0 l\u2019informatique, aux fichiers et aux libert\u00e9s, modifi\u00e9e, ainsi que le r\u00e8glement (UE) 2016\/679 du Parlement europ\u00e9en et du Conseil du 27 avril 2016 (RGPD).<\/p><p>Nous attachons une grande importance \u00e0 la protection de la vie priv\u00e9e de nos utilisateurs. La pr\u00e9sente Politique de confidentialit\u00e9 des donn\u00e9es personnelles d\u00e9crit comment nous utilisons et nous prot\u00e9geons vos donn\u00e9es \u00e0 caract\u00e8re personnel.<\/p><p><em>Quelles informations collectons-nous\u00a0? <\/em><\/p><p>Nous collectons vos donn\u00e9es \u00e0 caract\u00e8re personnel \u00e0 diff\u00e9rents moments. Cela peut comprendre des informations qui permettent de vous identifier, telles votre nom et pr\u00e9nom, num\u00e9ro de t\u00e9l\u00e9phone, adresse email et postale.<\/p><p>Vous pouvez \u00e9galement nous communiquer des donn\u00e9es \u00e0 caract\u00e8re personnel \u00e0 d\u2019autres occasions, par exemple lorsque vous vous inscrivez \u00e0 notre newsletter ou demander des informations sur un projet immobilier ou service.<\/p><p><em>Comment nous utilisons vos donn\u00e9es \u00e0 caract\u00e8re personnel<\/em><\/p><p>Nous pouvons utiliser vos donn\u00e9es \u00e0 caract\u00e8re personnel pour les finalit\u00e9s suivantes :<\/p><ul><li>Pour traiter vos demandes.<\/li><li>Pour r\u00e9pondre \u00e0 vos questions<\/li><li>Pour vous informer sur les offres commerciales<\/li><li>Pour vous inviter \u00e0 des \u00e9v\u00e8nements ;<\/li><li>Pour mesurer votre int\u00e9r\u00eat et am\u00e9liorer nos produits, nos services et le Site;<\/li><li>Pour promouvoir les services li\u00e9s au Site ou ceux de Stone &amp; Living<\/li><\/ul><p>Nous compilons des statistiques sur le trafic sur le Site, les ventes et d\u2019autres informations commerciales afin de nous aider \u00e0 am\u00e9liorer les services que nous vous proposons. Nous utilisons en outre des informations d\u00e9mographiques afin d\u2019adapter le Site<\/p><p>Pour nous mettre en conformit\u00e9 avec nos obligations l\u00e9gales et de conformit\u00e9.<\/p><p><em>Comment prot\u00e9geons-nous les donn\u00e9es de nos clients\u00a0? <\/em><\/p><p>Vos informations personnelles sont contenues dans des r\u00e9seaux s\u00e9curis\u00e9s et ne sont accessibles qu&#8217;\u00e0 un nombre limit\u00e9 de personnes qui ont des droits d&#8217;acc\u00e8s sp\u00e9ciaux \u00e0 ces syst\u00e8mes, et sont tenus de garder l&#8217;information confidentielle.<\/p><p><em>Combien de temps gardons nous vos donn\u00e9es\u00a0?<\/em><\/p><ul><li>S\u2019agissant des donn\u00e9es recueillies pour r\u00e9pondre \u00e0 une de vos demandes\u00a0: les donn\u00e9es personnelles sont conserv\u00e9es pendant la dur\u00e9e de gestion administrative de cette demande augment\u00e9e des d\u00e9lais l\u00e9gaux \u00e9ventuels,<\/li><li>S\u2019agissant des donn\u00e9es recueillies pour vous informer de nos offres commerciales ou d\u2019\u00e9v\u00e8nements\u00a0: les donn\u00e9es personnelles sont conserv\u00e9es pendant une dur\u00e9e de 3 ans \u00e0 compter du dernier contact avec vous.<\/li><li>S\u2019agissant des donn\u00e9es techniques de connexion, navigation, cookies : ces donn\u00e9es sont conserv\u00e9es pendant un d\u00e9lai de 12 mois.<\/li><\/ul><p><em>Comment nous pouvons divulguer vos donn\u00e9es \u00e0 caract\u00e8re personnel<\/em><\/p><p>Nous pouvons divulguer vos donn\u00e9es \u00e0 caract\u00e8re personnel pour respecter nos obligations l\u00e9gales ou pour des raisons de s\u00e9curit\u00e9\u00a0 nationale, d&#8217;int\u00e9r\u00eat public ou de police. Nous ne vendons pas vos donn\u00e9es personnelles \u00e0 des tiers.<\/p><p><em>Liens externes et plug-ins sociaux<\/em><\/p><p>Si une partie du Site vous renvoie vers d&#8217;autres sites internet, ces sites internet ne sont pas soumis \u00e0 cette Charte de vie priv\u00e9e. Nous vous conseillons de prendre connaissance des chartes de vie priv\u00e9e affich\u00e9es sur ces autres sites internet pour comprendre leurs m\u00e9thodes de collecte, d&#8217;utilisation et de transmission des donn\u00e9es \u00e0 caract\u00e8re personnel.<\/p><p>Ceci peut aussi \u00eatre le cas lorsqu&#8217;une partie du Site utilise des plug-ins sociaux provenant d&#8217;autres sites comme Facebook. Les plug-ins tels que le bouton &#8220;J&#8217;aime&#8221;, &#8221; Commentaires&#8221; et &#8220;Connecter via Facebook&#8221; de Facebook peuvent \u00eatre identifi\u00e9s par un des logos de Facebook, comme le &#8220;f&#8221; ou l&#8217;ic\u00f4ne de &#8220;J\u2019aime&#8221; et fonctionnent en pratique comme une petite partie de Facebook qui est int\u00e9gr\u00e9 sur le Site.<\/p><p><em>Questions<\/em><\/p><p>Si vous avez des questions concernant cette politique de confidentialit\u00e9, vous pouvez nous contacter en utilisant les informations de contact dans le pied de page du site, ou via le formulaire sur la page de contact.<\/p><p>Notre DPO (d\u00e9l\u00e9gu\u00e9 \u00e0 la protection des donn\u00e9es) est Catherine Bernard.<\/p><p>En conformit\u00e9 avec les dispositions de la loi du 6 janvier 1978 relative \u00e0 l\u2019informatique, aux fichiers et aux libert\u00e9s, le traitement automatis\u00e9 des donn\u00e9es nominatives r\u00e9alis\u00e9 \u00e0 partir de ce site web fait l\u2019objet d\u2019une d\u00e9claration en cours aupr\u00e8s de la CNIL (Commission Nationale de l\u2019Informatique et des Libert\u00e9s).<\/p><div class=\"wp-block-spacer\" style=\"height: 30px;\" aria-hidden=\"true\">\u00a0<\/div><h2 class=\"wp-block-heading\">Droits d\u2019auteur<\/h2><p>Les donn\u00e9es publi\u00e9es et les marques cit\u00e9es sur\u00a0<a href=\"http:\/\/www.stoneandliving.com\/\">www.stoneandliving.com<\/a>\u00a0sont la propri\u00e9t\u00e9 exclusive de leurs titulaires respectifs. Toute reproduction totale ou partielle de ces textes, marques et\/ou logos, effectu\u00e9e \u00e0 partir des \u00e9l\u00e9ments du site sans l\u2019autorisation expresse de leurs propri\u00e9taires est donc prohib\u00e9e, au sens de l\u2019article L. 713-2 du Code de la propri\u00e9t\u00e9 intellectuelle.<\/p>\t\t\t\t\t\t\t\t<\/div>\n\t\t\t\t<\/div>\n\t\t\t\t<\/div>\n\t\t\t\t<\/div>\n\t\t","protected":false},"excerpt":{"rendered":"<p>\u00c9diteur du site Le pr\u00e9sent site est \u00e9dit\u00e9 par la soci\u00e9t\u00e9 STONE &amp; LIVING, soci\u00e9t\u00e9 par actions simplifi\u00e9e (SAS) au capital de 5.000 euros, dont le si\u00e8ge social est situ\u00e9 au 33 rue de la r\u00e9publique \u2013 69002 Lyon. SIREN : RCS Lyon 521 423 913 Directeur de publication : Francis Temman, pr\u00e9sident Stone &amp; Living d\u00e9tient une carte professionnelle d\u2019agent immobilier l\u2019autorisant \u00e0 &#8230;<\/p>\n","protected":false},"author":13,"featured_media":0,"parent":0,"menu_order":0,"comment_status":"closed","ping_status":"closed","template":"page-templates\/terms_conditions.php","meta":{"footnotes":""},"class_list":["post-30701","page","type-page","status-publish","hentry"],"yoast_head":"<!-- This site is optimized with the Yoast SEO plugin v27.0 - https:\/\/yoast.com\/product\/yoast-seo-wordpress\/ -->\n<title>Legal notices | Stone &amp; Living Real Estate Agency<\/title>\n<meta name=\"robots\" content=\"index, follow, max-snippet:-1, max-image-preview:large, max-video-preview:-1\" \/>\n<link rel=\"canonical\" href=\"https:\/\/www.stoneandliving.com\/en\/legal-notices\/\" \/>\n<meta property=\"og:locale\" content=\"en_US\" \/>\n<meta property=\"og:type\" content=\"article\" \/>\n<meta property=\"og:title\" content=\"Legal notices | Stone &amp; Living Real Estate Agency\" \/>\n<meta property=\"og:description\" content=\"\u00c9diteur du site Le pr\u00e9sent site est \u00e9dit\u00e9 par la soci\u00e9t\u00e9 STONE &amp; LIVING, soci\u00e9t\u00e9 par actions simplifi\u00e9e (SAS) au capital de 5.000 euros, dont le si\u00e8ge social est situ\u00e9 au 33 rue de la r\u00e9publique \u2013 69002 Lyon. SIREN : RCS Lyon 521 423 913 Directeur de publication : Francis Temman, pr\u00e9sident Stone &amp; Living d\u00e9tient une carte professionnelle d\u2019agent immobilier l\u2019autorisant \u00e0 ...\" \/>\n<meta property=\"og:url\" content=\"https:\/\/www.stoneandliving.com\/en\/legal-notices\/\" \/>\n<meta property=\"og:site_name\" content=\"Stone &amp; Living Real Estate Agency\" \/>\n<meta property=\"og:image\" content=\"https:\/\/www.stoneandliving.com\/wp-content\/uploads\/2024\/07\/Esperluette_StoneLiving_Jaune.png\" \/>\n\t<meta property=\"og:image:width\" content=\"790\" \/>\n\t<meta property=\"og:image:height\" content=\"770\" \/>\n\t<meta property=\"og:image:type\" content=\"image\/png\" \/>\n<meta name=\"twitter:card\" content=\"summary_large_image\" \/>\n<meta name=\"twitter:label1\" content=\"Est. reading time\" \/>\n\t<meta name=\"twitter:data1\" content=\"4 minutes\" \/>\n<script type=\"application\/ld+json\" class=\"yoast-schema-graph\">{\"@context\":\"https:\/\/schema.org\",\"@graph\":[{\"@type\":\"WebPage\",\"@id\":\"https:\/\/www.stoneandliving.com\/en\/legal-notices\/\",\"url\":\"https:\/\/www.stoneandliving.com\/en\/legal-notices\/\",\"name\":\"Legal notices | Stone &amp; Living Real Estate Agency\",\"isPartOf\":{\"@id\":\"https:\/\/www.stoneandliving.com\/en\/#website\"},\"datePublished\":\"2026-04-05T11:54:42+00:00\",\"breadcrumb\":{\"@id\":\"https:\/\/www.stoneandliving.com\/en\/legal-notices\/#breadcrumb\"},\"inLanguage\":\"en-US\",\"potentialAction\":[{\"@type\":\"ReadAction\",\"target\":[\"https:\/\/www.stoneandliving.com\/en\/legal-notices\/\"]}]},{\"@type\":\"BreadcrumbList\",\"@id\":\"https:\/\/www.stoneandliving.com\/en\/legal-notices\/#breadcrumb\",\"itemListElement\":[{\"@type\":\"ListItem\",\"position\":1,\"name\":\"Accueil\",\"item\":\"https:\/\/www.stoneandliving.com\/en\/\"},{\"@type\":\"ListItem\",\"position\":2,\"name\":\"Legal notices\"}]},{\"@type\":\"WebSite\",\"@id\":\"https:\/\/www.stoneandliving.com\/en\/#website\",\"url\":\"https:\/\/www.stoneandliving.com\/en\/\",\"name\":\"Stone & Living\",\"description\":\"\",\"potentialAction\":[{\"@type\":\"SearchAction\",\"target\":{\"@type\":\"EntryPoint\",\"urlTemplate\":\"https:\/\/www.stoneandliving.com\/en\/?s={search_term_string}\"},\"query-input\":{\"@type\":\"PropertyValueSpecification\",\"valueRequired\":true,\"valueName\":\"search_term_string\"}}],\"inLanguage\":\"en-US\"}]}<\/script>\n<!-- \/ Yoast SEO plugin. -->","yoast_head_json":{"title":"Legal notices | Stone &amp; Living Real Estate Agency","robots":{"index":"index","follow":"follow","max-snippet":"max-snippet:-1","max-image-preview":"max-image-preview:large","max-video-preview":"max-video-preview:-1"},"canonical":"https:\/\/www.stoneandliving.com\/en\/legal-notices\/","og_locale":"en_US","og_type":"article","og_title":"Legal notices | Stone &amp; Living Real Estate Agency","og_description":"\u00c9diteur du site Le pr\u00e9sent site est \u00e9dit\u00e9 par la soci\u00e9t\u00e9 STONE &amp; LIVING, soci\u00e9t\u00e9 par actions simplifi\u00e9e (SAS) au capital de 5.000 euros, dont le si\u00e8ge social est situ\u00e9 au 33 rue de la r\u00e9publique \u2013 69002 Lyon. SIREN : RCS Lyon 521 423 913 Directeur de publication : Francis Temman, pr\u00e9sident Stone &amp; Living d\u00e9tient une carte professionnelle d\u2019agent immobilier l\u2019autorisant \u00e0 ...","og_url":"https:\/\/www.stoneandliving.com\/en\/legal-notices\/","og_site_name":"Stone &amp; Living Real Estate Agency","og_image":[{"width":790,"height":770,"url":"https:\/\/www.stoneandliving.com\/wp-content\/uploads\/2024\/07\/Esperluette_StoneLiving_Jaune.png","type":"image\/png"}],"twitter_card":"summary_large_image","twitter_misc":{"Est. reading time":"4 minutes"},"schema":{"@context":"https:\/\/schema.org","@graph":[{"@type":"WebPage","@id":"https:\/\/www.stoneandliving.com\/en\/legal-notices\/","url":"https:\/\/www.stoneandliving.com\/en\/legal-notices\/","name":"Legal notices | Stone &amp; Living Real Estate Agency","isPartOf":{"@id":"https:\/\/www.stoneandliving.com\/en\/#website"},"datePublished":"2026-04-05T11:54:42+00:00","breadcrumb":{"@id":"https:\/\/www.stoneandliving.com\/en\/legal-notices\/#breadcrumb"},"inLanguage":"en-US","potentialAction":[{"@type":"ReadAction","target":["https:\/\/www.stoneandliving.com\/en\/legal-notices\/"]}]},{"@type":"BreadcrumbList","@id":"https:\/\/www.stoneandliving.com\/en\/legal-notices\/#breadcrumb","itemListElement":[{"@type":"ListItem","position":1,"name":"Accueil","item":"https:\/\/www.stoneandliving.com\/en\/"},{"@type":"ListItem","position":2,"name":"Legal notices"}]},{"@type":"WebSite","@id":"https:\/\/www.stoneandliving.com\/en\/#website","url":"https:\/\/www.stoneandliving.com\/en\/","name":"Stone & Living","description":"","potentialAction":[{"@type":"SearchAction","target":{"@type":"EntryPoint","urlTemplate":"https:\/\/www.stoneandliving.com\/en\/?s={search_term_string}"},"query-input":{"@type":"PropertyValueSpecification","valueRequired":true,"valueName":"search_term_string"}}],"inLanguage":"en-US"}]}},"_links":{"self":[{"href":"https:\/\/www.stoneandliving.com\/en\/wp-json\/wp\/v2\/pages\/30701","targetHints":{"allow":["GET"]}}],"collection":[{"href":"https:\/\/www.stoneandliving.com\/en\/wp-json\/wp\/v2\/pages"}],"about":[{"href":"https:\/\/www.stoneandliving.com\/en\/wp-json\/wp\/v2\/types\/page"}],"author":[{"embeddable":true,"href":"https:\/\/www.stoneandliving.com\/en\/wp-json\/wp\/v2\/users\/13"}],"replies":[{"embeddable":true,"href":"https:\/\/www.stoneandliving.com\/en\/wp-json\/wp\/v2\/comments?post=30701"}],"version-history":[{"count":0,"href":"https:\/\/www.stoneandliving.com\/en\/wp-json\/wp\/v2\/pages\/30701\/revisions"}],"wp:attachment":[{"href":"https:\/\/www.stoneandliving.com\/en\/wp-json\/wp\/v2\/media?parent=30701"}],"curies":[{"name":"wp","href":"https:\/\/api.w.org\/{rel}","templated":true}]}}